{"id":1146,"date":"2022-04-21T13:41:52","date_gmt":"2022-04-21T13:41:52","guid":{"rendered":"https:\/\/www.insitu-laser.be\/tarifs-p\/"},"modified":"2023-10-26T10:02:59","modified_gmt":"2023-10-26T10:02:59","slug":"prijzen-p","status":"publish","type":"page","link":"https:\/\/insitu-laser.be\/nl\/prijzen-p\/","title":{"rendered":"Tarifs"},"content":{"rendered":"\n<div style=\"height:80px\" aria-hidden=\"true\" class=\"wp-block-spacer\"><\/div>\n\n\n\n<div class=\"wp-block-buttons is-horizontal is-content-justification-center is-layout-flex wp-container-core-buttons-is-layout-499968f5 wp-block-buttons-is-layout-flex\">\n<div class=\"wp-block-button\"><a class=\"wp-block-button__link wp-element-button\" href=\"https:\/\/www.insitu-laser.be\/tarifs-medecine-esthetique\/\">M\u00e9decine esth\u00e9tique<\/a><\/div>\n\n\n\n<div class=\"wp-block-button\"><a class=\"wp-block-button__link wp-element-button\" href=\"https:\/\/www.insitu-laser.be\/nl\/tarifs\/\">\u00c9pilation d\u00e9finitive<\/a><\/div>\n\n\n\n<div class=\"wp-block-button\"><a class=\"wp-block-button__link wp-element-button\">Photorajeunissement<\/a><\/div>\n\n\n\n<div class=\"wp-block-button\"><a class=\"wp-block-button__link wp-element-button\" href=\"https:\/\/www.insitu-laser.be\/tarifs-dermafacial\/\">Dermafacial<\/a><\/div>\n<\/div>\n\n\n\n<div style=\"height:80px\" aria-hidden=\"true\" class=\"wp-block-spacer\"><\/div>\n\n\n<div class=\"wp-bootstrap-blocks-container container mb-2\">\n\t\n<div class=\"wp-bootstrap-blocks-row row\">\n\t\n\n<div class=\"col-12 col-md-1\">\n\t\t\t\t<\/div>\n\n\n\n<div class=\"col-12 col-md-6 col-lg-4 special\">\n\t\t\t\n\n<h2 class=\"wp-block-heading\"><strong>Verrijkte vitaminen verzorging<\/strong><\/h2>\n\n\n\n<h3 class=\"wp-block-heading\">ACTIEVE INGREDI\u00cbNTEN<\/h3>\n\n\n\n<p>Samenstelling met vitaminen, aminozuren en mineralen<\/p>\n\n\n\n<h3 class=\"wp-block-heading\">BESCHRIJVING<\/h3>\n\n\n\n<p>Deze glansversterkende behandeling heeft een onmiddellijk effect en is ideaal om te stralen op een evenement zoals een bruiloft, doop of communie. Ook ideaal voor rokers, gestreste en vermoeide mensen om je huid een boost van vitaliteit te geven. Vanaf 16 jaar, ideaal om huidveroudering te voorkomen en voor mensen die hyaluronzuur- of botoxinjecties hebben gehad om het effect ervan te verlengen. Vanaf 30 jaar.<\/p>\n\n\n\n<h3 class=\"wp-block-heading\">BEHANDELINGSTIJD<\/h3>\n\n\n\n<p>30 minuten<\/p>\n\n\n\n<h3 class=\"wp-block-heading\">AANBEVOLEN AANTAL SESSIES<\/h3>\n\n\n\n<p>1 minimaal<\/p>\n\n\n\n<h3 class=\"wp-block-heading\">PRIJS<\/h3>\n\n\n\n<p>\u20ac 140,00<\/p>\n\n\t<\/div>\n\n\n\n<div class=\"col-12 col-md-2\">\n\t\t\t\t<\/div>\n\n\n\n<div class=\"col-12 col-md-4 special\">\n\t\t\t\n\n<h2 class=\"wp-block-heading\"><strong>Modellerende behandeling<\/strong><\/h2>\n\n\n\n<h3 class=\"wp-block-heading\">ACTIEVE INGREDI\u00cbNTEN<\/h3>\n\n\n\n<p>Extract van hyaluronzuur<\/p>\n\n\n\n<h3 class=\"wp-block-heading\">BESCHRIJVING<\/h3>\n\n\n\n<p>Deze behandeling hydrateert en beschermt de huid tegen agressieve invloeden van buitenaf. Je huid wordt aangevuld en geregenereerd en ziet er glad en stralend uit. Ideaal voor een vochtarme huid (door Uv-stralen, vervuiling, slechte hygi\u00ebne) met een gebrek aan tonus. Vanaf 25 jaar.<\/p>\n\n\n\n<h3 class=\"wp-block-heading\">BEHANDELINGSTIJD<\/h3>\n\n\n\n<p>30 tot 40 minuten<\/p>\n\n\n\n<h3 class=\"wp-block-heading\">AANBEVOLEN AANTAL SESSIES<\/h3>\n\n\n\n<p>5 sessies minimaal<\/p>\n\n\n\n<h3 class=\"wp-block-heading\">PRIJS<\/h3>\n\n\n\n<p>\u20ac 150,00<\/p>\n\n\t<\/div>\n\n<\/div>\n\n<\/div>\n\n\n\n<div style=\"height:40px\" aria-hidden=\"true\" class=\"wp-block-spacer\"><\/div>\n\n\n<div class=\"lazyblock-texte-image-1l8NBu special wp-block-lazyblock-texte-image\">\n\n\n\n\n<div class=\"container\">\n  <div class=\"row align-items-center\">\n    <div class=\"col-xl-6 order-1 order-xl-0\">\n      <img loading=\"lazy\" decoding=\"async\" width=\"591\" height=\"465\" src=\"https:\/\/insitu-laser.be\/wp-content\/uploads\/2022\/04\/DSC06291-1-591x465.png\" class=\"attachment-texte-image size-texte-image\" alt=\"\" \/>    <\/div>\n    <div class=\"offset-xl-1 col-xxl-4 col-xl-5 order-0 order-xl-1\">\n      <h2><b>Anti-verouderingsbehandeling<\/b><\/h2>\n<h3>ACTIEVE INGREDI\u00cbNTEN<\/h3>\n<p>Cocktail van verschillende zuren (ascorbinezuur, hyaluronzuur), vitamines en collageen.<\/p>\n<h3>BESCHRIJVING<\/h3>\n<p>Een complete behandeling tegen rimpels, huidverslapping en ouderdomsvlekken. Je huid wordt voller, je fijne lijntjes opgevuld en je rimpels gladgestreken.<\/p>\n<p>Ideaal om huidveroudering te voorkomen en voor mensen die hyaluronzuur- en botoxinjecties hebben gehad om hun effect te verlengen. Vanaf 30 jaar.<\/p>\n<h3>BEHANDELINGSTIJD<\/h3>\n<p>30 minuten<\/p>\n<h3>AANBEVOLEN AANTAL SESSIES<\/h3>\n<p>1 minimaal<\/p>\n<h3>PRIX<\/h3>\n<p>\u20ac 160,00<\/p>    <\/div>\n  <\/div>\n<\/div><\/div>\n\n\n<div style=\"height:120px\" aria-hidden=\"true\" class=\"wp-block-spacer\"><\/div>\n\n\n<div class=\"lazyblock-cta-blue-bg-2mHuoe wp-block-lazyblock-cta-blue-bg\"><div class=\"container\">\n  <div class=\"row justify-content-center\">\n    <div class=\"col-xl-6\">\n              <h2>Vous souhaitez en savoir plus sur l&#8217;\u00e9pilation d\u00e9finitive ?<\/h2>      \n            <a href=\"https:\/\/www.insitu-laser.be\/services\/epilation-definitive\/\" class=\"btn btn-border\">\n        L&#039;\u00e9pilation d\u00e9finitive      <\/a>\n          <\/div>\n  <\/div>\n<\/div>\n<\/div>\n\n<div class=\"lazyblock-ctas-infoscap-ZRj27V wp-block-lazyblock-ctas-infoscap\"><div class=\"container\">\n  <div class=\"row\">\n    <div class=\"offset-xl-1 col-xl-4 text-center\">\n            <h2>Besoin de plus d\u2019infos ?<\/h2>\n                  <h3>Nous sommes \u00e0 votre disposition pour vous conseiller et r\u00e9pondre \u00e0 vos questions.<\/h3>\n                  <a href=\"https:\/\/www.insitu-laser.be\/contact\/\" class=\"btn btn-border\">\n        Contactez-nous      <\/a>\n      \n    <\/div>\n    <div class=\"offset-xl-2 col-xl-4 text-center\">\n            <h2>Pr\u00eat\u00b7e \u00e0 passer le cap ?<\/h2>\n                  <h3>Prenez rendez-vous dans le centre partenaire de votre choix en moins de 5 minutes.<\/h3>\n      \n      <button data-modal-target=\"modal1\" class=\"btn btn-border\">\n        Prendre un rdv<\/button>\n    <\/div>\n\n  <\/div>\n<\/div><\/div>","protected":false},"excerpt":{"rendered":"","protected":false},"author":1,"featured_media":392,"parent":0,"menu_order":0,"comment_status":"closed","ping_status":"closed","template":"","meta":{"footnotes":""},"class_list":["post-1146","page","type-page","status-publish","has-post-thumbnail","hentry"],"yoast_head":"<!-- This site is optimized with the Yoast SEO plugin v27.3 - https:\/\/yoast.com\/product\/yoast-seo-wordpress\/ -->\n<title>Tarifs - InSitu Laser<\/title>\n<meta name=\"robots\" content=\"index, follow, max-snippet:-1, max-image-preview:large, max-video-preview:-1\" \/>\n<link rel=\"canonical\" href=\"https:\/\/insitu-laser.be\/nl\/prijzen-p\/\" \/>\n<meta property=\"og:locale\" content=\"nl_NL\" \/>\n<meta property=\"og:type\" content=\"article\" \/>\n<meta property=\"og:title\" content=\"Tarifs - InSitu Laser\" \/>\n<meta property=\"og:url\" content=\"https:\/\/insitu-laser.be\/nl\/prijzen-p\/\" \/>\n<meta property=\"og:site_name\" content=\"InSitu Laser\" \/>\n<meta property=\"article:modified_time\" content=\"2023-10-26T10:02:59+00:00\" \/>\n<meta property=\"og:image\" content=\"https:\/\/insitu-laser.be\/wp-content\/uploads\/2022\/04\/header_tarifs-1.png\" \/>\n\t<meta property=\"og:image:width\" content=\"1920\" \/>\n\t<meta property=\"og:image:height\" content=\"404\" \/>\n\t<meta property=\"og:image:type\" content=\"image\/png\" \/>\n<meta name=\"twitter:card\" content=\"summary_large_image\" \/>\n<meta name=\"twitter:label1\" content=\"Geschatte leestijd\" \/>\n\t<meta name=\"twitter:data1\" content=\"1 minuut\" \/>\n<script type=\"application\/ld+json\" class=\"yoast-schema-graph\">{\"@context\":\"https:\\\/\\\/schema.org\",\"@graph\":[{\"@type\":\"WebPage\",\"@id\":\"https:\\\/\\\/insitu-laser.be\\\/nl\\\/prijzen-p\\\/\",\"url\":\"https:\\\/\\\/insitu-laser.be\\\/nl\\\/prijzen-p\\\/\",\"name\":\"Tarifs - InSitu Laser\",\"isPartOf\":{\"@id\":\"https:\\\/\\\/insitu-laser.be\\\/nl\\\/#website\"},\"primaryImageOfPage\":{\"@id\":\"https:\\\/\\\/insitu-laser.be\\\/nl\\\/prijzen-p\\\/#primaryimage\"},\"image\":{\"@id\":\"https:\\\/\\\/insitu-laser.be\\\/nl\\\/prijzen-p\\\/#primaryimage\"},\"thumbnailUrl\":\"https:\\\/\\\/insitu-laser.be\\\/wp-content\\\/uploads\\\/2022\\\/04\\\/header_tarifs-1.png\",\"datePublished\":\"2022-04-21T13:41:52+00:00\",\"dateModified\":\"2023-10-26T10:02:59+00:00\",\"breadcrumb\":{\"@id\":\"https:\\\/\\\/insitu-laser.be\\\/nl\\\/prijzen-p\\\/#breadcrumb\"},\"inLanguage\":\"nl-NL\",\"potentialAction\":[{\"@type\":\"ReadAction\",\"target\":[\"https:\\\/\\\/insitu-laser.be\\\/nl\\\/prijzen-p\\\/\"]}]},{\"@type\":\"ImageObject\",\"inLanguage\":\"nl-NL\",\"@id\":\"https:\\\/\\\/insitu-laser.be\\\/nl\\\/prijzen-p\\\/#primaryimage\",\"url\":\"https:\\\/\\\/insitu-laser.be\\\/wp-content\\\/uploads\\\/2022\\\/04\\\/header_tarifs-1.png\",\"contentUrl\":\"https:\\\/\\\/insitu-laser.be\\\/wp-content\\\/uploads\\\/2022\\\/04\\\/header_tarifs-1.png\",\"width\":1920,\"height\":404},{\"@type\":\"BreadcrumbList\",\"@id\":\"https:\\\/\\\/insitu-laser.be\\\/nl\\\/prijzen-p\\\/#breadcrumb\",\"itemListElement\":[{\"@type\":\"ListItem\",\"position\":1,\"name\":\"Accueil\",\"item\":\"https:\\\/\\\/insitu-laser.be\\\/nl\\\/\"},{\"@type\":\"ListItem\",\"position\":2,\"name\":\"Tarifs\"}]},{\"@type\":\"WebSite\",\"@id\":\"https:\\\/\\\/insitu-laser.be\\\/nl\\\/#website\",\"url\":\"https:\\\/\\\/insitu-laser.be\\\/nl\\\/\",\"name\":\"InSitu Laser\",\"description\":\"\u00c9pilation d\u00e9finitive Photorajeunissement Laser diode\",\"publisher\":{\"@id\":\"https:\\\/\\\/insitu-laser.be\\\/nl\\\/#organization\"},\"potentialAction\":[{\"@type\":\"SearchAction\",\"target\":{\"@type\":\"EntryPoint\",\"urlTemplate\":\"https:\\\/\\\/insitu-laser.be\\\/nl\\\/?s={search_term_string}\"},\"query-input\":{\"@type\":\"PropertyValueSpecification\",\"valueRequired\":true,\"valueName\":\"search_term_string\"}}],\"inLanguage\":\"nl-NL\"},{\"@type\":\"Organization\",\"@id\":\"https:\\\/\\\/insitu-laser.be\\\/nl\\\/#organization\",\"name\":\"InSitu Laser\",\"url\":\"https:\\\/\\\/insitu-laser.be\\\/nl\\\/\",\"logo\":{\"@type\":\"ImageObject\",\"inLanguage\":\"nl-NL\",\"@id\":\"https:\\\/\\\/insitu-laser.be\\\/nl\\\/#\\\/schema\\\/logo\\\/image\\\/\",\"url\":\"https:\\\/\\\/www.insitu-laser.be\\\/wp-content\\\/uploads\\\/2022\\\/10\\\/InSituLasers_Logo_RGB-01.jpg\",\"contentUrl\":\"https:\\\/\\\/www.insitu-laser.be\\\/wp-content\\\/uploads\\\/2022\\\/10\\\/InSituLasers_Logo_RGB-01.jpg\",\"width\":1182,\"height\":1182,\"caption\":\"InSitu Laser\"},\"image\":{\"@id\":\"https:\\\/\\\/insitu-laser.be\\\/nl\\\/#\\\/schema\\\/logo\\\/image\\\/\"}}]}<\/script>\n<!-- \/ Yoast SEO plugin. -->","yoast_head_json":{"title":"Tarifs - InSitu Laser","robots":{"index":"index","follow":"follow","max-snippet":"max-snippet:-1","max-image-preview":"max-image-preview:large","max-video-preview":"max-video-preview:-1"},"canonical":"https:\/\/insitu-laser.be\/nl\/prijzen-p\/","og_locale":"nl_NL","og_type":"article","og_title":"Tarifs - InSitu Laser","og_url":"https:\/\/insitu-laser.be\/nl\/prijzen-p\/","og_site_name":"InSitu Laser","article_modified_time":"2023-10-26T10:02:59+00:00","og_image":[{"width":1920,"height":404,"url":"https:\/\/insitu-laser.be\/wp-content\/uploads\/2022\/04\/header_tarifs-1.png","type":"image\/png"}],"twitter_card":"summary_large_image","twitter_misc":{"Geschatte leestijd":"1 minuut"},"schema":{"@context":"https:\/\/schema.org","@graph":[{"@type":"WebPage","@id":"https:\/\/insitu-laser.be\/nl\/prijzen-p\/","url":"https:\/\/insitu-laser.be\/nl\/prijzen-p\/","name":"Tarifs - InSitu Laser","isPartOf":{"@id":"https:\/\/insitu-laser.be\/nl\/#website"},"primaryImageOfPage":{"@id":"https:\/\/insitu-laser.be\/nl\/prijzen-p\/#primaryimage"},"image":{"@id":"https:\/\/insitu-laser.be\/nl\/prijzen-p\/#primaryimage"},"thumbnailUrl":"https:\/\/insitu-laser.be\/wp-content\/uploads\/2022\/04\/header_tarifs-1.png","datePublished":"2022-04-21T13:41:52+00:00","dateModified":"2023-10-26T10:02:59+00:00","breadcrumb":{"@id":"https:\/\/insitu-laser.be\/nl\/prijzen-p\/#breadcrumb"},"inLanguage":"nl-NL","potentialAction":[{"@type":"ReadAction","target":["https:\/\/insitu-laser.be\/nl\/prijzen-p\/"]}]},{"@type":"ImageObject","inLanguage":"nl-NL","@id":"https:\/\/insitu-laser.be\/nl\/prijzen-p\/#primaryimage","url":"https:\/\/insitu-laser.be\/wp-content\/uploads\/2022\/04\/header_tarifs-1.png","contentUrl":"https:\/\/insitu-laser.be\/wp-content\/uploads\/2022\/04\/header_tarifs-1.png","width":1920,"height":404},{"@type":"BreadcrumbList","@id":"https:\/\/insitu-laser.be\/nl\/prijzen-p\/#breadcrumb","itemListElement":[{"@type":"ListItem","position":1,"name":"Accueil","item":"https:\/\/insitu-laser.be\/nl\/"},{"@type":"ListItem","position":2,"name":"Tarifs"}]},{"@type":"WebSite","@id":"https:\/\/insitu-laser.be\/nl\/#website","url":"https:\/\/insitu-laser.be\/nl\/","name":"InSitu Laser","description":"\u00c9pilation d\u00e9finitive Photorajeunissement Laser diode","publisher":{"@id":"https:\/\/insitu-laser.be\/nl\/#organization"},"potentialAction":[{"@type":"SearchAction","target":{"@type":"EntryPoint","urlTemplate":"https:\/\/insitu-laser.be\/nl\/?s={search_term_string}"},"query-input":{"@type":"PropertyValueSpecification","valueRequired":true,"valueName":"search_term_string"}}],"inLanguage":"nl-NL"},{"@type":"Organization","@id":"https:\/\/insitu-laser.be\/nl\/#organization","name":"InSitu Laser","url":"https:\/\/insitu-laser.be\/nl\/","logo":{"@type":"ImageObject","inLanguage":"nl-NL","@id":"https:\/\/insitu-laser.be\/nl\/#\/schema\/logo\/image\/","url":"https:\/\/www.insitu-laser.be\/wp-content\/uploads\/2022\/10\/InSituLasers_Logo_RGB-01.jpg","contentUrl":"https:\/\/www.insitu-laser.be\/wp-content\/uploads\/2022\/10\/InSituLasers_Logo_RGB-01.jpg","width":1182,"height":1182,"caption":"InSitu Laser"},"image":{"@id":"https:\/\/insitu-laser.be\/nl\/#\/schema\/logo\/image\/"}}]}},"_links":{"self":[{"href":"https:\/\/insitu-laser.be\/nl\/wp-json\/wp\/v2\/pages\/1146","targetHints":{"allow":["GET"]}}],"collection":[{"href":"https:\/\/insitu-laser.be\/nl\/wp-json\/wp\/v2\/pages"}],"about":[{"href":"https:\/\/insitu-laser.be\/nl\/wp-json\/wp\/v2\/types\/page"}],"author":[{"embeddable":true,"href":"https:\/\/insitu-laser.be\/nl\/wp-json\/wp\/v2\/users\/1"}],"replies":[{"embeddable":true,"href":"https:\/\/insitu-laser.be\/nl\/wp-json\/wp\/v2\/comments?post=1146"}],"version-history":[{"count":2,"href":"https:\/\/insitu-laser.be\/nl\/wp-json\/wp\/v2\/pages\/1146\/revisions"}],"predecessor-version":[{"id":1148,"href":"https:\/\/insitu-laser.be\/nl\/wp-json\/wp\/v2\/pages\/1146\/revisions\/1148"}],"wp:featuredmedia":[{"embeddable":true,"href":"https:\/\/insitu-laser.be\/nl\/wp-json\/wp\/v2\/media\/392"}],"wp:attachment":[{"href":"https:\/\/insitu-laser.be\/nl\/wp-json\/wp\/v2\/media?parent=1146"}],"curies":[{"name":"wp","href":"https:\/\/api.w.org\/{rel}","templated":true}]}}